{"id":52997,"date":"2026-09-02T22:30:51","date_gmt":"2026-09-02T20:30:51","guid":{"rendered":"https:\/\/www.lasterketak.eus\/eu\/?post_type=event&#038;p=52997"},"modified":"2026-09-02T22:30:51","modified_gmt":"2026-09-02T20:30:51","slug":"gatika-herri-trail-2026","status":"publish","type":"event","link":"https:\/\/www.lasterketak.eus\/eu\/event\/gatika-herri-trail-2026\/","title":{"rendered":"III. GATIKA HERRI TRAIL &#8211; 2026"},"content":{"rendered":"<div class=\"wpb-content-wrapper\"><p>[vc_row][vc_column][vc_column_text css=\u00bb\u00bb]III. GATIKA HERRI TRAIL &#8211; 2026<\/p>\n<p><span style=\"text-decoration: underline;\"><strong>DATA eta ORDUA &#8211; FECHA y LUGAR<\/strong><\/span><\/p>\n<p>Gatika Herri Trail, organizada por Gatikako Bagare Alkartea junto con la colaboraci\u00f3n de Tallu Mendizale Kirol Kluba, se celebrar\u00e1 el s\u00e1bado 12 de septiembre de 2026 en la localidad de Gatika (Bizkaia).<\/p>\n<p>Horarios de salida:<\/p>\n<ul>\n<li>Trail 44K: 08:00 h<\/li>\n<li>Relevos 44K: 08:00h<\/li>\n<li>Trail 18K: 10:30 h<\/li>\n<li>Trail 12K: 10:30 h<\/li>\n<li>Marcha 18K: 10:40 h<\/li>\n<li>Marcha 12K: 10:40 h<\/li>\n<\/ul>\n<p><span style=\"text-decoration: underline;\"><strong>IBILBIDEA &#8211; RECORRIDO:<\/strong><\/span><\/p>\n<ul>\n<li>44 km: aprox. 1.900 m+<\/li>\n<li>18 km: aprox. 500 m+<\/li>\n<li>12 km: aprox. 200 m+<\/li>\n<\/ul>\n<p><span style=\"text-decoration: underline;\"><strong>IZEN-EMATEA &#8211; INSCRIPCI\u00d3N<\/strong><\/span><\/p>\n<p><a href=\"https:\/\/sportmaniacs.com\/eu\/services\/inscription\/gatika-herri-trail-2026\" target=\"_blank\" rel=\"noopener\">https:\/\/sportmaniacs.com<\/a><\/p>\n<p><span style=\"text-decoration: underline;\"><strong>INFORMAZIO GEHIAGO &#8211; M\u00c1S INFORMACI\u00d3N:<\/strong><\/span><\/p>\n<p><a href=\"https:\/\/www.gatikaherritrail.com\" target=\"_blank\" rel=\"noopener\">www.gatikaherritrail.com<\/a>[\/vc_column_text][\/vc_column][\/vc_row]<\/p>\n<\/div>","protected":false},"excerpt":{"rendered":"<p>[vc_row][vc_column][vc_column_text css=\u00bb\u00bb]III. GATIKA HERRI TRAIL &#8211; 2026 DATA eta ORDUA &#8211; FECHA y LUGAR Gatika Herri Trail, organizada por Gatikako Bagare Alkartea junto con la colaboraci\u00f3n de Tallu Mendizale Kirol Kluba, se celebrar\u00e1 el s\u00e1bado 12 de septiembre de 2026&#8230;<\/p>\n","protected":false},"author":4,"featured_media":52998,"comment_status":"open","ping_status":"closed","template":"","meta":{"rs_blank_template":"","rs_page_bg_color":"","slide_template_v7":"","footnotes":""},"eventcat":[657,661,662],"organizer":[],"event_tags":[2,2850],"location":[],"class_list":["post-52997","event","type-event","status-publish","has-post-thumbnail","hentry","eventcat-11-20-km","eventcat-42-km-2","eventcat-trail","event_tags-bizkaia","event_tags-gatika"],"yoast_head":"<!-- This site is optimized with the Yoast SEO plugin v28.3 - https:\/\/yoast.com\/product\/yoast-seo-wordpress\/ -->\n<title>III. GATIKA HERRI TRAIL - 2026 - Lasterketak.eus<\/title>\n<meta name=\"description\" content=\"III. GATIKA HERRI TRAIL - 2026 DATA eta ORDUA - FECHA y LUGAR Gatika Herri Trail, organizada por Gatikako Bagare Alkartea junto con la colaboraci\u00f3n de\" \/>\n<meta name=\"robots\" content=\"index, follow, max-snippet:-1, max-image-preview:large, max-video-preview:-1\" \/>\n<link rel=\"canonical\" href=\"https:\/\/www.lasterketak.eus\/eu\/event\/gatika-herri-trail-2026\/\" \/>\n<meta property=\"og:locale\" content=\"eu_ES\" \/>\n<meta property=\"og:type\" content=\"article\" \/>\n<meta property=\"og:title\" content=\"III. GATIKA HERRI TRAIL - 2026 - Lasterketak.eus\" \/>\n<meta property=\"og:description\" content=\"III. GATIKA HERRI TRAIL - 2026 DATA eta ORDUA - FECHA y LUGAR Gatika Herri Trail, organizada por Gatikako Bagare Alkartea junto con la colaboraci\u00f3n de\" \/>\n<meta property=\"og:url\" content=\"https:\/\/www.lasterketak.eus\/eu\/event\/gatika-herri-trail-2026\/\" \/>\n<meta property=\"og:site_name\" content=\"Lasterketak.eus\" \/>\n<meta property=\"article:publisher\" content=\"https:\/\/www.facebook.com\/lasterketak\/\" \/>\n<meta property=\"og:image\" content=\"https:\/\/www.lasterketak.eus\/wp-content\/uploads\/2026\/09\/20260912_Gatika-Herri-Trail.jpeg\" \/>\n\t<meta property=\"og:image:width\" content=\"960\" \/>\n\t<meta property=\"og:image:height\" content=\"1357\" \/>\n\t<meta property=\"og:image:type\" content=\"image\/jpeg\" \/>\n<meta name=\"twitter:card\" content=\"summary_large_image\" \/>\n<meta name=\"twitter:site\" content=\"@lasterketak\" \/>\n<meta name=\"twitter:label1\" content=\"Est. reading time\" \/>\n\t<meta name=\"twitter:data1\" content=\"1 minuto\" \/>\n<script type=\"application\/ld+json\" class=\"yoast-schema-graph\">{\"@context\":\"https:\\\/\\\/schema.org\",\"@graph\":[{\"@type\":\"WebPage\",\"@id\":\"https:\\\/\\\/www.lasterketak.eus\\\/eu\\\/event\\\/gatika-herri-trail-2026\\\/\",\"url\":\"https:\\\/\\\/www.lasterketak.eus\\\/eu\\\/event\\\/gatika-herri-trail-2026\\\/\",\"name\":\"III. GATIKA HERRI TRAIL - 2026 - Lasterketak.eus\",\"isPartOf\":{\"@id\":\"https:\\\/\\\/www.lasterketak.eus\\\/es\\\/#website\"},\"primaryImageOfPage\":{\"@id\":\"https:\\\/\\\/www.lasterketak.eus\\\/eu\\\/event\\\/gatika-herri-trail-2026\\\/#primaryimage\"},\"image\":{\"@id\":\"https:\\\/\\\/www.lasterketak.eus\\\/eu\\\/event\\\/gatika-herri-trail-2026\\\/#primaryimage\"},\"thumbnailUrl\":\"https:\\\/\\\/www.lasterketak.eus\\\/wp-content\\\/uploads\\\/2026\\\/09\\\/20260912_Gatika-Herri-Trail.jpeg\",\"datePublished\":\"2026-09-02T20:30:51+00:00\",\"description\":\"III. GATIKA HERRI TRAIL - 2026 DATA eta ORDUA - FECHA y LUGAR Gatika Herri Trail, organizada por Gatikako Bagare Alkartea junto con la colaboraci\u00f3n de\",\"breadcrumb\":{\"@id\":\"https:\\\/\\\/www.lasterketak.eus\\\/eu\\\/event\\\/gatika-herri-trail-2026\\\/#breadcrumb\"},\"inLanguage\":\"es\",\"potentialAction\":[{\"@type\":\"ReadAction\",\"target\":[\"https:\\\/\\\/www.lasterketak.eus\\\/eu\\\/event\\\/gatika-herri-trail-2026\\\/\"]}]},{\"@type\":\"ImageObject\",\"inLanguage\":\"es\",\"@id\":\"https:\\\/\\\/www.lasterketak.eus\\\/eu\\\/event\\\/gatika-herri-trail-2026\\\/#primaryimage\",\"url\":\"https:\\\/\\\/www.lasterketak.eus\\\/wp-content\\\/uploads\\\/2026\\\/09\\\/20260912_Gatika-Herri-Trail.jpeg\",\"contentUrl\":\"https:\\\/\\\/www.lasterketak.eus\\\/wp-content\\\/uploads\\\/2026\\\/09\\\/20260912_Gatika-Herri-Trail.jpeg\",\"width\":960,\"height\":1357,\"caption\":\"III. GATIKA HERRI TRAIL - 2026\"},{\"@type\":\"BreadcrumbList\",\"@id\":\"https:\\\/\\\/www.lasterketak.eus\\\/eu\\\/event\\\/gatika-herri-trail-2026\\\/#breadcrumb\",\"itemListElement\":[{\"@type\":\"ListItem\",\"position\":1,\"name\":\"Portada\",\"item\":\"https:\\\/\\\/www.lasterketak.eus\\\/eu\\\/\"},{\"@type\":\"ListItem\",\"position\":2,\"name\":\"Events\",\"item\":\"https:\\\/\\\/www.lasterketak.eus\\\/eu\\\/event\\\/\"},{\"@type\":\"ListItem\",\"position\":3,\"name\":\"III. GATIKA HERRI TRAIL &#8211; 2026\"}]},{\"@type\":\"WebSite\",\"@id\":\"https:\\\/\\\/www.lasterketak.eus\\\/es\\\/#website\",\"url\":\"https:\\\/\\\/www.lasterketak.eus\\\/es\\\/\",\"name\":\"Lasterketak\",\"description\":\"Euskal Herriko lasterketak\",\"publisher\":{\"@id\":\"https:\\\/\\\/www.lasterketak.eus\\\/es\\\/#organization\"},\"alternateName\":\"Lasterketak\",\"potentialAction\":[{\"@type\":\"SearchAction\",\"target\":{\"@type\":\"EntryPoint\",\"urlTemplate\":\"https:\\\/\\\/www.lasterketak.eus\\\/es\\\/?s={search_term_string}\"},\"query-input\":{\"@type\":\"PropertyValueSpecification\",\"valueRequired\":true,\"valueName\":\"search_term_string\"}}],\"inLanguage\":\"es\"},{\"@type\":\"Organization\",\"@id\":\"https:\\\/\\\/www.lasterketak.eus\\\/es\\\/#organization\",\"name\":\"Lasterketak\",\"alternateName\":\"Lasterketak\",\"url\":\"https:\\\/\\\/www.lasterketak.eus\\\/es\\\/\",\"logo\":{\"@type\":\"ImageObject\",\"inLanguage\":\"es\",\"@id\":\"https:\\\/\\\/www.lasterketak.eus\\\/es\\\/#\\\/schema\\\/logo\\\/image\\\/\",\"url\":\"http:\\\/\\\/www.lasterketak.eus\\\/wp-content\\\/uploads\\\/2018\\\/08\\\/logoa_L.png\",\"contentUrl\":\"http:\\\/\\\/www.lasterketak.eus\\\/wp-content\\\/uploads\\\/2018\\\/08\\\/logoa_L.png\",\"width\":300,\"height\":300,\"caption\":\"Lasterketak\"},\"image\":{\"@id\":\"https:\\\/\\\/www.lasterketak.eus\\\/es\\\/#\\\/schema\\\/logo\\\/image\\\/\"},\"sameAs\":[\"https:\\\/\\\/www.facebook.com\\\/lasterketak\\\/\",\"https:\\\/\\\/x.com\\\/lasterketak\",\"https:\\\/\\\/www.instagram.com\\\/lasterketak\\\/\",\"https:\\\/\\\/www.youtube.com\\\/user\\\/lasterketak\"]}]}<\/script>\n<!-- \/ Yoast SEO plugin. -->","yoast_head_json":{"title":"III. GATIKA HERRI TRAIL - 2026 - Lasterketak.eus","description":"III. GATIKA HERRI TRAIL - 2026 DATA eta ORDUA - FECHA y LUGAR Gatika Herri Trail, organizada por Gatikako Bagare Alkartea junto con la colaboraci\u00f3n de","robots":{"index":"index","follow":"follow","max-snippet":"max-snippet:-1","max-image-preview":"max-image-preview:large","max-video-preview":"max-video-preview:-1"},"canonical":"https:\/\/www.lasterketak.eus\/eu\/event\/gatika-herri-trail-2026\/","og_locale":"eu_ES","og_type":"article","og_title":"III. GATIKA HERRI TRAIL - 2026 - Lasterketak.eus","og_description":"III. GATIKA HERRI TRAIL - 2026 DATA eta ORDUA - FECHA y LUGAR Gatika Herri Trail, organizada por Gatikako Bagare Alkartea junto con la colaboraci\u00f3n de","og_url":"https:\/\/www.lasterketak.eus\/eu\/event\/gatika-herri-trail-2026\/","og_site_name":"Lasterketak.eus","article_publisher":"https:\/\/www.facebook.com\/lasterketak\/","og_image":[{"width":960,"height":1357,"url":"https:\/\/www.lasterketak.eus\/wp-content\/uploads\/2026\/09\/20260912_Gatika-Herri-Trail.jpeg","type":"image\/jpeg"}],"twitter_card":"summary_large_image","twitter_site":"@lasterketak","twitter_misc":{"Est. reading time":"1 minuto"},"schema":{"@context":"https:\/\/schema.org","@graph":[{"@type":"WebPage","@id":"https:\/\/www.lasterketak.eus\/eu\/event\/gatika-herri-trail-2026\/","url":"https:\/\/www.lasterketak.eus\/eu\/event\/gatika-herri-trail-2026\/","name":"III. GATIKA HERRI TRAIL - 2026 - Lasterketak.eus","isPartOf":{"@id":"https:\/\/www.lasterketak.eus\/es\/#website"},"primaryImageOfPage":{"@id":"https:\/\/www.lasterketak.eus\/eu\/event\/gatika-herri-trail-2026\/#primaryimage"},"image":{"@id":"https:\/\/www.lasterketak.eus\/eu\/event\/gatika-herri-trail-2026\/#primaryimage"},"thumbnailUrl":"https:\/\/www.lasterketak.eus\/wp-content\/uploads\/2026\/09\/20260912_Gatika-Herri-Trail.jpeg","datePublished":"2026-09-02T20:30:51+00:00","description":"III. GATIKA HERRI TRAIL - 2026 DATA eta ORDUA - FECHA y LUGAR Gatika Herri Trail, organizada por Gatikako Bagare Alkartea junto con la colaboraci\u00f3n de","breadcrumb":{"@id":"https:\/\/www.lasterketak.eus\/eu\/event\/gatika-herri-trail-2026\/#breadcrumb"},"inLanguage":"es","potentialAction":[{"@type":"ReadAction","target":["https:\/\/www.lasterketak.eus\/eu\/event\/gatika-herri-trail-2026\/"]}]},{"@type":"ImageObject","inLanguage":"es","@id":"https:\/\/www.lasterketak.eus\/eu\/event\/gatika-herri-trail-2026\/#primaryimage","url":"https:\/\/www.lasterketak.eus\/wp-content\/uploads\/2026\/09\/20260912_Gatika-Herri-Trail.jpeg","contentUrl":"https:\/\/www.lasterketak.eus\/wp-content\/uploads\/2026\/09\/20260912_Gatika-Herri-Trail.jpeg","width":960,"height":1357,"caption":"III. GATIKA HERRI TRAIL - 2026"},{"@type":"BreadcrumbList","@id":"https:\/\/www.lasterketak.eus\/eu\/event\/gatika-herri-trail-2026\/#breadcrumb","itemListElement":[{"@type":"ListItem","position":1,"name":"Portada","item":"https:\/\/www.lasterketak.eus\/eu\/"},{"@type":"ListItem","position":2,"name":"Events","item":"https:\/\/www.lasterketak.eus\/eu\/event\/"},{"@type":"ListItem","position":3,"name":"III. GATIKA HERRI TRAIL &#8211; 2026"}]},{"@type":"WebSite","@id":"https:\/\/www.lasterketak.eus\/es\/#website","url":"https:\/\/www.lasterketak.eus\/es\/","name":"Lasterketak","description":"Euskal Herriko lasterketak","publisher":{"@id":"https:\/\/www.lasterketak.eus\/es\/#organization"},"alternateName":"Lasterketak","potentialAction":[{"@type":"SearchAction","target":{"@type":"EntryPoint","urlTemplate":"https:\/\/www.lasterketak.eus\/es\/?s={search_term_string}"},"query-input":{"@type":"PropertyValueSpecification","valueRequired":true,"valueName":"search_term_string"}}],"inLanguage":"es"},{"@type":"Organization","@id":"https:\/\/www.lasterketak.eus\/es\/#organization","name":"Lasterketak","alternateName":"Lasterketak","url":"https:\/\/www.lasterketak.eus\/es\/","logo":{"@type":"ImageObject","inLanguage":"es","@id":"https:\/\/www.lasterketak.eus\/es\/#\/schema\/logo\/image\/","url":"http:\/\/www.lasterketak.eus\/wp-content\/uploads\/2018\/08\/logoa_L.png","contentUrl":"http:\/\/www.lasterketak.eus\/wp-content\/uploads\/2018\/08\/logoa_L.png","width":300,"height":300,"caption":"Lasterketak"},"image":{"@id":"https:\/\/www.lasterketak.eus\/es\/#\/schema\/logo\/image\/"},"sameAs":["https:\/\/www.facebook.com\/lasterketak\/","https:\/\/x.com\/lasterketak","https:\/\/www.instagram.com\/lasterketak\/","https:\/\/www.youtube.com\/user\/lasterketak"]}]}},"_links":{"self":[{"href":"https:\/\/www.lasterketak.eus\/eu\/wp-json\/wp\/v2\/event\/52997","targetHints":{"allow":["GET"]}}],"collection":[{"href":"https:\/\/www.lasterketak.eus\/eu\/wp-json\/wp\/v2\/event"}],"about":[{"href":"https:\/\/www.lasterketak.eus\/eu\/wp-json\/wp\/v2\/types\/event"}],"author":[{"embeddable":true,"href":"https:\/\/www.lasterketak.eus\/eu\/wp-json\/wp\/v2\/users\/4"}],"replies":[{"embeddable":true,"href":"https:\/\/www.lasterketak.eus\/eu\/wp-json\/wp\/v2\/comments?post=52997"}],"version-history":[{"count":1,"href":"https:\/\/www.lasterketak.eus\/eu\/wp-json\/wp\/v2\/event\/52997\/revisions"}],"predecessor-version":[{"id":52999,"href":"https:\/\/www.lasterketak.eus\/eu\/wp-json\/wp\/v2\/event\/52997\/revisions\/52999"}],"wp:featuredmedia":[{"embeddable":true,"href":"https:\/\/www.lasterketak.eus\/eu\/wp-json\/wp\/v2\/media\/52998"}],"wp:attachment":[{"href":"https:\/\/www.lasterketak.eus\/eu\/wp-json\/wp\/v2\/media?parent=52997"}],"wp:term":[{"taxonomy":"eventcat","embeddable":true,"href":"https:\/\/www.lasterketak.eus\/eu\/wp-json\/wp\/v2\/eventcat?post=52997"},{"taxonomy":"organizer","embeddable":true,"href":"https:\/\/www.lasterketak.eus\/eu\/wp-json\/wp\/v2\/organizer?post=52997"},{"taxonomy":"event_tags","embeddable":true,"href":"https:\/\/www.lasterketak.eus\/eu\/wp-json\/wp\/v2\/event_tags?post=52997"},{"taxonomy":"location","embeddable":true,"href":"https:\/\/www.lasterketak.eus\/eu\/wp-json\/wp\/v2\/location?post=52997"}],"curies":[{"name":"wp","href":"https:\/\/api.w.org\/{rel}","templated":true}]}}