{"id":53006,"date":"2026-09-02T23:03:40","date_gmt":"2026-09-02T21:03:40","guid":{"rendered":"https:\/\/www.lasterketak.eus\/eu\/?post_type=event&#038;p=53006"},"modified":"2026-09-02T23:03:40","modified_gmt":"2026-09-02T21:03:40","slug":"astrabuduako-herri-krosa-2026","status":"publish","type":"event","link":"https:\/\/www.lasterketak.eus\/eu\/event\/astrabuduako-herri-krosa-2026\/","title":{"rendered":"V. ASTRABUDUAKO HERRI KROSA &#8211; 2026"},"content":{"rendered":"<div class=\"wpb-content-wrapper\"><p>[vc_row][vc_column][vc_column_text css=\u00bb\u00bb]V. ASTRABUDUAKO HERRI KROSA &#8211; 2026<\/p>\n<p><span style=\"text-decoration: underline;\"><strong>DATA &#8211; FECHA:<\/strong><\/span><\/p>\n<p>V Astrabuduako Herri Krosa se llevar\u00e1 a cabo el d\u00eda 13 de septiembre de 2026<\/p>\n<p>El evento comenzar\u00e1 a las 10:00<\/p>\n<p><span style=\"text-decoration: underline;\"><strong>TOKIA &#8211; LUGAR:<\/strong><\/span><\/p>\n<p>Astrabuduako Herri Krosa, tendr\u00e1 como punto de encuentro Plaza Josu Murueta.<br \/>\n&#8211; Txupetine la calle Etxegorri (misma calle que Plaza Josu Murueta, a la altura del mercado) meta ser\u00e1 en la Plaza Josu Murueta<br \/>\n&#8211; Txupete desde el final de la calle Etxegorri (Coviran) hasta la meta, Plaza Josu Murueta)<br \/>\n&#8211; Prebenjamin, Alevin e Infantil junto a la Policlinica Aldaieta (un voluntario les llevar\u00e1 a la salida), meta ser\u00e1 la Plaza Josu Murueta<br \/>\n&#8211; Benjamin, Deporte adaptado y familiar: en la misma Josu Murueta (misma salida y meta<br \/>\n&#8211; Absoluta: Salida junto al Polideportivo y meta en la Plaza Josu Murueta<\/p>\n<p><span style=\"text-decoration: underline;\"><strong>IZEN-EMATEA &#8211; INSCRIPCI\u00d3N:<\/strong><\/span><\/p>\n<p>\u25cf Prueba absoluta: primeros 100 inscritos 5\u20ac, pasando a ser a 7\u20ac hasta el 31\/08, a partir del 01\/09 hasta el 12\/09 el precio ser\u00e1 de 10\u20ac<br \/>\n\u25cf Escolares, deporte adaptado y familiar: gratuita<\/p>\n<p><a href=\"https:\/\/inscripcion.kirolprobak.com\/inscripcion\/v-astrabuduko-herri-krosa\/\">https:\/\/inscripcion.kirolprobak.com\/<\/a><\/p>\n<p><span style=\"text-decoration: underline;\"><strong>ORDUA &#8211; HORA:<\/strong><\/span><\/p>\n<p>10: 00 Infantil S\/M + 2 vueltas (2.300 metros)<br \/>\n10: 15 Alevin S\/M + 1 vuelta (1.300 metros)<br \/>\n10:30 Benjamin 1 Vuelta (1.000 metros)<br \/>\n10:40 Prebenjamin S\/M (300 metros)<br \/>\n10:45 Txupete S\/M (200 metros)<br \/>\n10:50 Txupetin S\/M (100 metros)<br \/>\n11:00 Deporte adaptado 1 vuelta (1.000 metros)<br \/>\n11:10 Prueba Familiar 1 vuelta (1.000 metros)<br \/>\n12:00 Absoluta Sub 16 hasta veterano\/a C S\/M + 2 vueltas grandes (5.500 metros S\/M es el tramo que va de la salida (Policl\u00ednica Aldaieta) al paso por meta (Plaza Josu Murueta<\/p>\n<p><span style=\"text-decoration: underline;\"><strong>INFORMAZIO GEHIAGO &#8211; M\u00c1S INFORMACI\u00d3N:<\/strong><\/span><\/p>\n<p><a href=\"https:\/\/cdpausarikgabe.com\/2022\/08\/07\/astrabuduakoherrikrosa\/\" target=\"_blank\" rel=\"noopener\">https:\/\/cdpausarikgabe.com\/<\/a>[\/vc_column_text][\/vc_column][\/vc_row]<\/p>\n<\/div>","protected":false},"excerpt":{"rendered":"<p>[vc_row][vc_column][vc_column_text css=\u00bb\u00bb]V. ASTRABUDUAKO HERRI KROSA &#8211; 2026 DATA &#8211; FECHA: V Astrabuduako Herri Krosa se llevar\u00e1 a cabo el d\u00eda 13 de septiembre de 2026 El evento comenzar\u00e1 a las 10:00 TOKIA &#8211; LUGAR: Astrabuduako Herri Krosa, tendr\u00e1 como punto&#8230;<\/p>\n","protected":false},"author":4,"featured_media":53007,"comment_status":"open","ping_status":"closed","template":"","meta":{"rs_blank_template":"","rs_page_bg_color":"","slide_template_v7":"","footnotes":""},"eventcat":[655,665],"organizer":[],"event_tags":[605,2,286],"location":[],"class_list":["post-53006","event","type-event","status-publish","has-post-thumbnail","hentry","eventcat-0-10-km","eventcat-txiki","event_tags-astrabudua","event_tags-bizkaia","event_tags-erandio"],"yoast_head":"<!-- This site is optimized with the Yoast SEO plugin v28.3 - https:\/\/yoast.com\/product\/yoast-seo-wordpress\/ -->\n<title>V. ASTRABUDUAKO HERRI KROSA - 2026 - Lasterketak.eus<\/title>\n<meta name=\"description\" content=\"V. ASTRABUDUAKO HERRI KROSA - 2026 DATA - FECHA: V Astrabuduako Herri Krosa se llevar\u00e1 a cabo el d\u00eda 13 de septiembre de 2026 El evento comenzar\u00e1 a las\" \/>\n<meta name=\"robots\" content=\"index, follow, max-snippet:-1, max-image-preview:large, max-video-preview:-1\" \/>\n<link rel=\"canonical\" href=\"https:\/\/www.lasterketak.eus\/eu\/event\/astrabuduako-herri-krosa-2026\/\" \/>\n<meta property=\"og:locale\" content=\"eu_ES\" \/>\n<meta property=\"og:type\" content=\"article\" \/>\n<meta property=\"og:title\" content=\"V. ASTRABUDUAKO HERRI KROSA - 2026 - Lasterketak.eus\" \/>\n<meta property=\"og:description\" content=\"V. ASTRABUDUAKO HERRI KROSA - 2026 DATA - FECHA: V Astrabuduako Herri Krosa se llevar\u00e1 a cabo el d\u00eda 13 de septiembre de 2026 El evento comenzar\u00e1 a las\" \/>\n<meta property=\"og:url\" content=\"https:\/\/www.lasterketak.eus\/eu\/event\/astrabuduako-herri-krosa-2026\/\" \/>\n<meta property=\"og:site_name\" content=\"Lasterketak.eus\" \/>\n<meta property=\"article:publisher\" content=\"https:\/\/www.facebook.com\/lasterketak\/\" \/>\n<meta property=\"og:image\" content=\"https:\/\/www.lasterketak.eus\/wp-content\/uploads\/2026\/09\/20260913_Astrabuduako-Herri-Krosa.jpg\" \/>\n\t<meta property=\"og:image:width\" content=\"800\" \/>\n\t<meta property=\"og:image:height\" content=\"1125\" \/>\n\t<meta property=\"og:image:type\" content=\"image\/jpeg\" \/>\n<meta name=\"twitter:card\" content=\"summary_large_image\" \/>\n<meta name=\"twitter:site\" content=\"@lasterketak\" \/>\n<meta name=\"twitter:label1\" content=\"Est. reading time\" \/>\n\t<meta name=\"twitter:data1\" content=\"2 minuto\" \/>\n<script type=\"application\/ld+json\" class=\"yoast-schema-graph\">{\"@context\":\"https:\\\/\\\/schema.org\",\"@graph\":[{\"@type\":\"WebPage\",\"@id\":\"https:\\\/\\\/www.lasterketak.eus\\\/eu\\\/event\\\/astrabuduako-herri-krosa-2026\\\/\",\"url\":\"https:\\\/\\\/www.lasterketak.eus\\\/eu\\\/event\\\/astrabuduako-herri-krosa-2026\\\/\",\"name\":\"V. ASTRABUDUAKO HERRI KROSA - 2026 - Lasterketak.eus\",\"isPartOf\":{\"@id\":\"https:\\\/\\\/www.lasterketak.eus\\\/es\\\/#website\"},\"primaryImageOfPage\":{\"@id\":\"https:\\\/\\\/www.lasterketak.eus\\\/eu\\\/event\\\/astrabuduako-herri-krosa-2026\\\/#primaryimage\"},\"image\":{\"@id\":\"https:\\\/\\\/www.lasterketak.eus\\\/eu\\\/event\\\/astrabuduako-herri-krosa-2026\\\/#primaryimage\"},\"thumbnailUrl\":\"https:\\\/\\\/www.lasterketak.eus\\\/wp-content\\\/uploads\\\/2026\\\/09\\\/20260913_Astrabuduako-Herri-Krosa.jpg\",\"datePublished\":\"2026-09-02T21:03:40+00:00\",\"description\":\"V. ASTRABUDUAKO HERRI KROSA - 2026 DATA - FECHA: V Astrabuduako Herri Krosa se llevar\u00e1 a cabo el d\u00eda 13 de septiembre de 2026 El evento comenzar\u00e1 a las\",\"breadcrumb\":{\"@id\":\"https:\\\/\\\/www.lasterketak.eus\\\/eu\\\/event\\\/astrabuduako-herri-krosa-2026\\\/#breadcrumb\"},\"inLanguage\":\"es\",\"potentialAction\":[{\"@type\":\"ReadAction\",\"target\":[\"https:\\\/\\\/www.lasterketak.eus\\\/eu\\\/event\\\/astrabuduako-herri-krosa-2026\\\/\"]}]},{\"@type\":\"ImageObject\",\"inLanguage\":\"es\",\"@id\":\"https:\\\/\\\/www.lasterketak.eus\\\/eu\\\/event\\\/astrabuduako-herri-krosa-2026\\\/#primaryimage\",\"url\":\"https:\\\/\\\/www.lasterketak.eus\\\/wp-content\\\/uploads\\\/2026\\\/09\\\/20260913_Astrabuduako-Herri-Krosa.jpg\",\"contentUrl\":\"https:\\\/\\\/www.lasterketak.eus\\\/wp-content\\\/uploads\\\/2026\\\/09\\\/20260913_Astrabuduako-Herri-Krosa.jpg\",\"width\":800,\"height\":1125,\"caption\":\"V. ASTRABUDUAKO HERRI KROSA - 2026\"},{\"@type\":\"BreadcrumbList\",\"@id\":\"https:\\\/\\\/www.lasterketak.eus\\\/eu\\\/event\\\/astrabuduako-herri-krosa-2026\\\/#breadcrumb\",\"itemListElement\":[{\"@type\":\"ListItem\",\"position\":1,\"name\":\"Portada\",\"item\":\"https:\\\/\\\/www.lasterketak.eus\\\/eu\\\/\"},{\"@type\":\"ListItem\",\"position\":2,\"name\":\"Events\",\"item\":\"https:\\\/\\\/www.lasterketak.eus\\\/eu\\\/event\\\/\"},{\"@type\":\"ListItem\",\"position\":3,\"name\":\"V. ASTRABUDUAKO HERRI KROSA &#8211; 2026\"}]},{\"@type\":\"WebSite\",\"@id\":\"https:\\\/\\\/www.lasterketak.eus\\\/es\\\/#website\",\"url\":\"https:\\\/\\\/www.lasterketak.eus\\\/es\\\/\",\"name\":\"Lasterketak\",\"description\":\"Euskal Herriko lasterketak\",\"publisher\":{\"@id\":\"https:\\\/\\\/www.lasterketak.eus\\\/es\\\/#organization\"},\"alternateName\":\"Lasterketak\",\"potentialAction\":[{\"@type\":\"SearchAction\",\"target\":{\"@type\":\"EntryPoint\",\"urlTemplate\":\"https:\\\/\\\/www.lasterketak.eus\\\/es\\\/?s={search_term_string}\"},\"query-input\":{\"@type\":\"PropertyValueSpecification\",\"valueRequired\":true,\"valueName\":\"search_term_string\"}}],\"inLanguage\":\"es\"},{\"@type\":\"Organization\",\"@id\":\"https:\\\/\\\/www.lasterketak.eus\\\/es\\\/#organization\",\"name\":\"Lasterketak\",\"alternateName\":\"Lasterketak\",\"url\":\"https:\\\/\\\/www.lasterketak.eus\\\/es\\\/\",\"logo\":{\"@type\":\"ImageObject\",\"inLanguage\":\"es\",\"@id\":\"https:\\\/\\\/www.lasterketak.eus\\\/es\\\/#\\\/schema\\\/logo\\\/image\\\/\",\"url\":\"http:\\\/\\\/www.lasterketak.eus\\\/wp-content\\\/uploads\\\/2018\\\/08\\\/logoa_L.png\",\"contentUrl\":\"http:\\\/\\\/www.lasterketak.eus\\\/wp-content\\\/uploads\\\/2018\\\/08\\\/logoa_L.png\",\"width\":300,\"height\":300,\"caption\":\"Lasterketak\"},\"image\":{\"@id\":\"https:\\\/\\\/www.lasterketak.eus\\\/es\\\/#\\\/schema\\\/logo\\\/image\\\/\"},\"sameAs\":[\"https:\\\/\\\/www.facebook.com\\\/lasterketak\\\/\",\"https:\\\/\\\/x.com\\\/lasterketak\",\"https:\\\/\\\/www.instagram.com\\\/lasterketak\\\/\",\"https:\\\/\\\/www.youtube.com\\\/user\\\/lasterketak\"]}]}<\/script>\n<!-- \/ Yoast SEO plugin. -->","yoast_head_json":{"title":"V. ASTRABUDUAKO HERRI KROSA - 2026 - Lasterketak.eus","description":"V. ASTRABUDUAKO HERRI KROSA - 2026 DATA - FECHA: V Astrabuduako Herri Krosa se llevar\u00e1 a cabo el d\u00eda 13 de septiembre de 2026 El evento comenzar\u00e1 a las","robots":{"index":"index","follow":"follow","max-snippet":"max-snippet:-1","max-image-preview":"max-image-preview:large","max-video-preview":"max-video-preview:-1"},"canonical":"https:\/\/www.lasterketak.eus\/eu\/event\/astrabuduako-herri-krosa-2026\/","og_locale":"eu_ES","og_type":"article","og_title":"V. ASTRABUDUAKO HERRI KROSA - 2026 - Lasterketak.eus","og_description":"V. ASTRABUDUAKO HERRI KROSA - 2026 DATA - FECHA: V Astrabuduako Herri Krosa se llevar\u00e1 a cabo el d\u00eda 13 de septiembre de 2026 El evento comenzar\u00e1 a las","og_url":"https:\/\/www.lasterketak.eus\/eu\/event\/astrabuduako-herri-krosa-2026\/","og_site_name":"Lasterketak.eus","article_publisher":"https:\/\/www.facebook.com\/lasterketak\/","og_image":[{"width":800,"height":1125,"url":"https:\/\/www.lasterketak.eus\/wp-content\/uploads\/2026\/09\/20260913_Astrabuduako-Herri-Krosa.jpg","type":"image\/jpeg"}],"twitter_card":"summary_large_image","twitter_site":"@lasterketak","twitter_misc":{"Est. reading time":"2 minuto"},"schema":{"@context":"https:\/\/schema.org","@graph":[{"@type":"WebPage","@id":"https:\/\/www.lasterketak.eus\/eu\/event\/astrabuduako-herri-krosa-2026\/","url":"https:\/\/www.lasterketak.eus\/eu\/event\/astrabuduako-herri-krosa-2026\/","name":"V. ASTRABUDUAKO HERRI KROSA - 2026 - Lasterketak.eus","isPartOf":{"@id":"https:\/\/www.lasterketak.eus\/es\/#website"},"primaryImageOfPage":{"@id":"https:\/\/www.lasterketak.eus\/eu\/event\/astrabuduako-herri-krosa-2026\/#primaryimage"},"image":{"@id":"https:\/\/www.lasterketak.eus\/eu\/event\/astrabuduako-herri-krosa-2026\/#primaryimage"},"thumbnailUrl":"https:\/\/www.lasterketak.eus\/wp-content\/uploads\/2026\/09\/20260913_Astrabuduako-Herri-Krosa.jpg","datePublished":"2026-09-02T21:03:40+00:00","description":"V. ASTRABUDUAKO HERRI KROSA - 2026 DATA - FECHA: V Astrabuduako Herri Krosa se llevar\u00e1 a cabo el d\u00eda 13 de septiembre de 2026 El evento comenzar\u00e1 a las","breadcrumb":{"@id":"https:\/\/www.lasterketak.eus\/eu\/event\/astrabuduako-herri-krosa-2026\/#breadcrumb"},"inLanguage":"es","potentialAction":[{"@type":"ReadAction","target":["https:\/\/www.lasterketak.eus\/eu\/event\/astrabuduako-herri-krosa-2026\/"]}]},{"@type":"ImageObject","inLanguage":"es","@id":"https:\/\/www.lasterketak.eus\/eu\/event\/astrabuduako-herri-krosa-2026\/#primaryimage","url":"https:\/\/www.lasterketak.eus\/wp-content\/uploads\/2026\/09\/20260913_Astrabuduako-Herri-Krosa.jpg","contentUrl":"https:\/\/www.lasterketak.eus\/wp-content\/uploads\/2026\/09\/20260913_Astrabuduako-Herri-Krosa.jpg","width":800,"height":1125,"caption":"V. ASTRABUDUAKO HERRI KROSA - 2026"},{"@type":"BreadcrumbList","@id":"https:\/\/www.lasterketak.eus\/eu\/event\/astrabuduako-herri-krosa-2026\/#breadcrumb","itemListElement":[{"@type":"ListItem","position":1,"name":"Portada","item":"https:\/\/www.lasterketak.eus\/eu\/"},{"@type":"ListItem","position":2,"name":"Events","item":"https:\/\/www.lasterketak.eus\/eu\/event\/"},{"@type":"ListItem","position":3,"name":"V. ASTRABUDUAKO HERRI KROSA &#8211; 2026"}]},{"@type":"WebSite","@id":"https:\/\/www.lasterketak.eus\/es\/#website","url":"https:\/\/www.lasterketak.eus\/es\/","name":"Lasterketak","description":"Euskal Herriko lasterketak","publisher":{"@id":"https:\/\/www.lasterketak.eus\/es\/#organization"},"alternateName":"Lasterketak","potentialAction":[{"@type":"SearchAction","target":{"@type":"EntryPoint","urlTemplate":"https:\/\/www.lasterketak.eus\/es\/?s={search_term_string}"},"query-input":{"@type":"PropertyValueSpecification","valueRequired":true,"valueName":"search_term_string"}}],"inLanguage":"es"},{"@type":"Organization","@id":"https:\/\/www.lasterketak.eus\/es\/#organization","name":"Lasterketak","alternateName":"Lasterketak","url":"https:\/\/www.lasterketak.eus\/es\/","logo":{"@type":"ImageObject","inLanguage":"es","@id":"https:\/\/www.lasterketak.eus\/es\/#\/schema\/logo\/image\/","url":"http:\/\/www.lasterketak.eus\/wp-content\/uploads\/2018\/08\/logoa_L.png","contentUrl":"http:\/\/www.lasterketak.eus\/wp-content\/uploads\/2018\/08\/logoa_L.png","width":300,"height":300,"caption":"Lasterketak"},"image":{"@id":"https:\/\/www.lasterketak.eus\/es\/#\/schema\/logo\/image\/"},"sameAs":["https:\/\/www.facebook.com\/lasterketak\/","https:\/\/x.com\/lasterketak","https:\/\/www.instagram.com\/lasterketak\/","https:\/\/www.youtube.com\/user\/lasterketak"]}]}},"_links":{"self":[{"href":"https:\/\/www.lasterketak.eus\/eu\/wp-json\/wp\/v2\/event\/53006","targetHints":{"allow":["GET"]}}],"collection":[{"href":"https:\/\/www.lasterketak.eus\/eu\/wp-json\/wp\/v2\/event"}],"about":[{"href":"https:\/\/www.lasterketak.eus\/eu\/wp-json\/wp\/v2\/types\/event"}],"author":[{"embeddable":true,"href":"https:\/\/www.lasterketak.eus\/eu\/wp-json\/wp\/v2\/users\/4"}],"replies":[{"embeddable":true,"href":"https:\/\/www.lasterketak.eus\/eu\/wp-json\/wp\/v2\/comments?post=53006"}],"version-history":[{"count":1,"href":"https:\/\/www.lasterketak.eus\/eu\/wp-json\/wp\/v2\/event\/53006\/revisions"}],"predecessor-version":[{"id":53008,"href":"https:\/\/www.lasterketak.eus\/eu\/wp-json\/wp\/v2\/event\/53006\/revisions\/53008"}],"wp:featuredmedia":[{"embeddable":true,"href":"https:\/\/www.lasterketak.eus\/eu\/wp-json\/wp\/v2\/media\/53007"}],"wp:attachment":[{"href":"https:\/\/www.lasterketak.eus\/eu\/wp-json\/wp\/v2\/media?parent=53006"}],"wp:term":[{"taxonomy":"eventcat","embeddable":true,"href":"https:\/\/www.lasterketak.eus\/eu\/wp-json\/wp\/v2\/eventcat?post=53006"},{"taxonomy":"organizer","embeddable":true,"href":"https:\/\/www.lasterketak.eus\/eu\/wp-json\/wp\/v2\/organizer?post=53006"},{"taxonomy":"event_tags","embeddable":true,"href":"https:\/\/www.lasterketak.eus\/eu\/wp-json\/wp\/v2\/event_tags?post=53006"},{"taxonomy":"location","embeddable":true,"href":"https:\/\/www.lasterketak.eus\/eu\/wp-json\/wp\/v2\/location?post=53006"}],"curies":[{"name":"wp","href":"https:\/\/api.w.org\/{rel}","templated":true}]}}